{"id":12026,"date":"2021-10-30T15:58:08","date_gmt":"2021-10-30T13:58:08","guid":{"rendered":"https:\/\/sensationslivres.com\/?page_id=12026"},"modified":"2021-12-11T15:41:45","modified_gmt":"2021-12-11T14:41:45","slug":"la-galerie-des-bios","status":"publish","type":"page","link":"https:\/\/sensationslivres.com\/fr_fr\/la-galerie-des-bios\/","title":{"rendered":"La galerie des Bios"},"content":{"rendered":"\n\t\t<div \t\t\tclass=\"novablocks-hero novablocks-doppler alignfull novablocks-u-valign-center novablocks-u-halign-center novablocks-u-background novablocks-u-background-dark sm-palette-1 sm-variation-12 scrolling-effect-parallax\"\n\t\t\tstyle=\"--novablocks-block-top-spacing: 1; --novablocks-block-bottom-spacing: 0; --novablocks-emphasis-top-spacing: 0; --novablocks-emphasis-bottom-spacing: 0; --novablocks-hero-text-color: #FFF;min-height: calc(100* var(--novablocks-1vh, 1vh)); \"\n\t\t\tdata-defaults-generated='1' data-template-inserted='1' data-block-index='5' data-min-height-fallback='100' data-scroll-indicator='' data-position-indicators='1' data-display-inner-content='1' data-palette='1' data-palette-variation='12' data-use-source-color-as-reference='' data-color-signal='3' data-content-color-signal='0' data-content-position='center center' data-focal-point='{&quot;x&quot;:0.5,&quot;y&quot;:0.5}' data-final-focal-point='{&quot;x&quot;:0.5,&quot;y&quot;:0.5}' data-initial-background-scale='1' data-final-background-scale='1' data-scroll-indicator-block='' data-scrolling-effect='parallax' data-motion-preset='standard-dynamic' data-follow-through-start='1' data-follow-through-end='1' data-content-color='#FFF' data-overlay-filter-style='dark' data-overlay-filter-strength='30' data-emphasis-by-space='1' data-enable-overlapping='' data-block-top-spacing='1' data-block-bottom-spacing='0' data-emphasis-top-spacing='0' data-emphasis-bottom-spacing='0' data-anchor=''\t\t>\n\n\t\t\t\n\t\t\t<div class=\"novablocks-doppler__mask  novablocks-doppler__wrapper\">\n\t\t\t\t<img loading=\"lazy\" decoding=\"async\" width=\"1280\" height=\"853\" src=\"https:\/\/sensationslivres.com\/wp-content\/uploads\/2021\/12\/chemin-foret-forest-gfd9b22739_1280.jpg\" class=\"novablocks-hero__media  novablocks-doppler__target\" alt=\"chemin-foret-chemin-de-vie-biographie\" style=\"object-position: 50% 50%;opacity: 0.7; \" srcset=\"https:\/\/sensationslivres.com\/wp-content\/uploads\/2021\/12\/chemin-foret-forest-gfd9b22739_1280.jpg 1280w, https:\/\/sensationslivres.com\/wp-content\/uploads\/2021\/12\/chemin-foret-forest-gfd9b22739_1280-300x200.jpg 300w, https:\/\/sensationslivres.com\/wp-content\/uploads\/2021\/12\/chemin-foret-forest-gfd9b22739_1280-1024x682.jpg 1024w, https:\/\/sensationslivres.com\/wp-content\/uploads\/2021\/12\/chemin-foret-forest-gfd9b22739_1280-768x512.jpg 768w, https:\/\/sensationslivres.com\/wp-content\/uploads\/2021\/12\/chemin-foret-forest-gfd9b22739_1280-18x12.jpg 18w, https:\/\/sensationslivres.com\/wp-content\/uploads\/2021\/12\/chemin-foret-forest-gfd9b22739_1280-250x167.jpg 250w, https:\/\/sensationslivres.com\/wp-content\/uploads\/2021\/12\/chemin-foret-forest-gfd9b22739_1280-480x320.jpg 480w\" sizes=\"auto, (max-width: 1280px) 100vw, 1280px\" \/>\n\t\t\t\t\t\t\t<\/div>\n            <div class=\"novablocks-hero__foreground novablocks-doppler__foreground novablocks-u-content-padding novablocks-u-content-align\" style=\"min-height: calc(100 * var(--novablocks-1vh, 1vh)); \">\n                <div class=\"novablocks-hero__inner-container wp-block-group__inner-container novablocks-u-content-width\" style=\"\">\n\t\t\t\t\t\n\n<div class=\"wp-block-group sm-palette-1 sm-color-signal-0\" style=\"--novablocks-emphasis-top-spacing:0;--novablocks-emphasis-bottom-spacing:0;--novablocks-block-top-spacing:1;--novablocks-block-bottom-spacing:0;--novablocks-block-zindex:0\" data-palette=\"1\" data-palette-variation=\"11\" data-color-signal=\"0\"><div class=\"wp-block-group__inner-container is-layout-flow wp-block-group-is-layout-flow\">\t\t\t<div class=\"wp-block-separator is-style-decorative\">\n                \n        <div class=\"c-separator\">\n            <div class=\"c-separator__arrow c-separator__arrow--left\"><\/div>\n            <div class=\"c-separator__line c-separator__line--left\"><\/div>\n            <div class=\"c-separator__symbol\">\n                <span><svg width=\"31\" height=\"20\" viewBox=\"0 0 31 20\" fill=\"none\" xmlns=\"http:\/\/www.w3.org\/2000\/svg\"><path d=\"M30.721 6.3114c0 .599-.2647 1.1494-.7941 1.651-.5155.5016-1.2679.8777-2.2571 1.1285-5.6984 1.4768-8.7774 2.2153-9.2372 2.2153-.5434 0-.815-.1394-.815-.418 0-.2229.3204-.5294.9613-.9195.2647-.1672 1.1842-.6758 2.7586-1.5257 2.9816-1.6161 4.5072-2.4381 4.5768-2.466 1.3375-.6548 2.4243-.9822 3.2602-.9822 1.031 0 1.5465.4389 1.5465 1.3166zm-4.8485-3.1766c0 .4598-.3553 1.0031-1.0658 1.63-.3901.3345-1.3654 1.059-2.9258 2.1735-2.9676 2.1178-4.6604 3.1766-5.0784 3.1766-.209 0-.3762-.1393-.5016-.418l.2508-.585c.836-.8639 1.7346-1.8531 2.696-2.9677 1.0309-1.1982 1.637-1.8948 1.8181-2.0899 1.4908-1.5743 2.7796-2.3615 3.8663-2.3615.6269 0 .9404.4807.9404 1.442zm-9.0073-.9613c0 .195-.0975.7035-.2926 1.5256l-.7523 2.8422c-.2926 1.0867-.4668 1.9854-.5225 2.6959-.0279.404-.0627.6548-.1045.7523-.0418.1394-.1393.209-.2926.209-.1532 0-.2508-.0627-.2926-.1881 0-.0139-.0278-.195-.0835-.5433-.1394-.8499-.418-2.2292-.836-4.138-.3204-1.4071-.4807-2.4103-.4807-3.0094 0-.7105.1812-1.2748.5434-1.6927.3762-.418.8638-.627 1.4629-.627.4737 0 .8638.209 1.1703.627.3205.404.4807.9195.4807 1.5465zm-3.2602 7.9414c0 .2787-.1463.418-.4389.418-.1253 0-.5782-.3065-1.3584-.9195-.9334-.7245-2.0202-1.658-3.2602-2.8004a185.9607 185.9607 0 0 1-2.4451-2.2362c-.5852-.599-.8777-1.1634-.8777-1.6928 0-.404.1462-.7593.4388-1.0658.3065-.3065.6827-.4598 1.1286-.4598.6966 0 1.3305.3135 1.9017.9404.2648.2787.8011 1.052 1.6092 2.3198 2.2014 3.4134 3.302 5.2456 3.302 5.4963zm3.9081 3.4065c0 .5155-.209.9265-.627 1.233-.3065.209-.6061.411-.8986.6061-.209.2508-.3135 1.1982-.3135 2.8422 0 .6688-.0209 1.1146-.0627 1.3375-.0697.3065-.216.4598-.4389.4598-.195 0-.3135-.3622-.3553-1.0867-.0975-1.853-.1672-2.9955-.209-3.4274-.4597-.3344-.8289-.7245-1.1076-1.1703-.2229-.3762-.3344-.6827-.3344-.9196 0-.5573.2021-1.0449.6061-1.4629.418-.4319.8917-.6478 1.4211-.6478.6688 0 1.2191.2159 1.651.6478.4458.4319.6688.9614.6688 1.5883zm-5.2874-2.2361c0 .2925-.1184.4388-.3553.4388-.2368 0-.7036-.1184-1.4002-.3552a545.5275 545.5275 0 0 0-2.5705-.8778C4.8764 9.488 2.9119 8.7565 2.0063 8.2968.6688 7.614 0 6.8478 0 5.9979c0-.8917.627-1.3375 1.8809-1.3375.5015 0 1.3862.3901 2.6541 1.1703 1.0031.627 2.6193 1.7416 4.8485 3.3438.1672.1115.8568.5852 2.069 1.4211.5155.3483.7732.5782.7732.6897z\" fill=\"currentColor\"\/><\/svg>\n<\/span>\n            <\/div>\n            <div class=\"c-separator__line c-separator__line--right\"><\/div>\n            <div class=\"c-separator__arrow c-separator__arrow--right\"><\/div>\n        <\/div>\n\t\t\t\t\t<\/div>\n\t\t\n\n\n<h1 class=\"wp-block-novablocks-headline c-headline has-text-align-center has-smaller-font-size\"><span class=\"c-headline__secondary\">Une vie<\/span> <span class=\"c-headline__primary\">ce n&rsquo;est pas seulement la somme des exp\u00e9riences<\/span><\/h1>\n\n\n\n<p class=\"has-text-align-center is-style-lead has-luminous-vivid-amber-color has-text-color\">C&rsquo;est surtout un chemin parcouru pour offrir en pr\u00e9sent une biographie<\/p>\n<\/div><\/div>\n\n                <\/div>\n\t\t\t\t            <\/div>\n\n\t\t\t\n        <\/div>\n\n\t\t\n\n\n<h2 class=\"has-text-align-center has-luminous-vivid-amber-color has-text-color has-normal-font-size wp-block-heading\">Biographies<\/h2>\n\n\n\n<div class=\"wp-block-columns is-layout-flex wp-container-core-columns-is-layout-9d6595d7 wp-block-columns-is-layout-flex\">\n<div class=\"wp-block-column is-layout-flow wp-block-column-is-layout-flow\">\n<div class=\"wp-block-media-text alignwide is-stacked-on-mobile\"><figure class=\"wp-block-media-text__media\"><img loading=\"lazy\" decoding=\"async\" width=\"740\" height=\"1024\" src=\"https:\/\/sensationslivres.com\/wp-content\/uploads\/2017\/12\/les-yeux-braguettes-740x1024.jpg\" alt=\"Les yeux braguettes H\u00e9l\u00e8ne Beaurivage biographie\" class=\"wp-image-343 size-full\" srcset=\"https:\/\/sensationslivres.com\/wp-content\/uploads\/2017\/12\/les-yeux-braguettes-740x1024.jpg 740w, https:\/\/sensationslivres.com\/wp-content\/uploads\/2017\/12\/les-yeux-braguettes-217x300.jpg 217w, https:\/\/sensationslivres.com\/wp-content\/uploads\/2017\/12\/les-yeux-braguettes-768x1063.jpg 768w, https:\/\/sensationslivres.com\/wp-content\/uploads\/2017\/12\/les-yeux-braguettes-1110x1536.jpg 1110w, https:\/\/sensationslivres.com\/wp-content\/uploads\/2017\/12\/les-yeux-braguettes-181x250.jpg 181w, https:\/\/sensationslivres.com\/wp-content\/uploads\/2017\/12\/les-yeux-braguettes-987x1366.jpg 987w, https:\/\/sensationslivres.com\/wp-content\/uploads\/2017\/12\/les-yeux-braguettes-555x768.jpg 555w, https:\/\/sensationslivres.com\/wp-content\/uploads\/2017\/12\/les-yeux-braguettes-347x480.jpg 347w, https:\/\/sensationslivres.com\/wp-content\/uploads\/2017\/12\/les-yeux-braguettes.jpg 1320w\" sizes=\"auto, (max-width: 740px) 100vw, 740px\" \/><\/figure><div class=\"wp-block-media-text__content\">\n<p class=\"has-large-font-size\"><a href=\"https:\/\/sensationslivres.com\/les-yeux-braguettes\/\" target=\"_blank\" data-type=\"post\" data-id=\"7919\" rel=\"noreferrer noopener\">Les yeux braguettes<\/a><\/p>\n<\/div><\/div>\n<\/div>\n\n\n\n<div class=\"wp-block-column is-layout-flow wp-block-column-is-layout-flow\">\n<div class=\"wp-block-media-text alignwide is-stacked-on-mobile\"><figure class=\"wp-block-media-text__media\"><img loading=\"lazy\" decoding=\"async\" width=\"364\" height=\"545\" src=\"https:\/\/sensationslivres.com\/wp-content\/uploads\/2016\/06\/quand-jetaisgone2.jpg\" alt=\"Quand j'\u00e9tais Gone Dominique Terrier Romans\" class=\"wp-image-599 size-full\" srcset=\"https:\/\/sensationslivres.com\/wp-content\/uploads\/2016\/06\/quand-jetaisgone2.jpg 364w, https:\/\/sensationslivres.com\/wp-content\/uploads\/2016\/06\/quand-jetaisgone2-200x300.jpg 200w, https:\/\/sensationslivres.com\/wp-content\/uploads\/2016\/06\/quand-jetaisgone2-167x250.jpg 167w, https:\/\/sensationslivres.com\/wp-content\/uploads\/2016\/06\/quand-jetaisgone2-321x480.jpg 321w\" sizes=\"auto, (max-width: 364px) 100vw, 364px\" \/><\/figure><div class=\"wp-block-media-text__content\">\n<p class=\"has-large-font-size\"><a href=\"https:\/\/sensationslivres.com\/la-fourmiliere-de-nicolas-gramain\/\" target=\"_blank\" data-type=\"post\" data-id=\"6686\" rel=\"noreferrer noopener\">Quand j&rsquo;\u00e9tais gone<\/a><\/p>\n<\/div><\/div>\n<\/div>\n<\/div>\n\n\n\n<div class=\"wp-block-columns is-layout-flex wp-container-core-columns-is-layout-9d6595d7 wp-block-columns-is-layout-flex\">\n<div class=\"wp-block-column is-layout-flow wp-block-column-is-layout-flow\">\n<div class=\"wp-block-media-text alignwide is-stacked-on-mobile\"><figure class=\"wp-block-media-text__media\"><img loading=\"lazy\" decoding=\"async\" width=\"364\" height=\"545\" src=\"https:\/\/sensationslivres.com\/wp-content\/uploads\/2017\/12\/il_le-deracine_homayoun_minoui2.jpg\" alt=\"\" class=\"wp-image-534 size-full\" srcset=\"https:\/\/sensationslivres.com\/wp-content\/uploads\/2017\/12\/il_le-deracine_homayoun_minoui2.jpg 364w, https:\/\/sensationslivres.com\/wp-content\/uploads\/2017\/12\/il_le-deracine_homayoun_minoui2-200x300.jpg 200w, https:\/\/sensationslivres.com\/wp-content\/uploads\/2017\/12\/il_le-deracine_homayoun_minoui2-167x250.jpg 167w, https:\/\/sensationslivres.com\/wp-content\/uploads\/2017\/12\/il_le-deracine_homayoun_minoui2-321x480.jpg 321w\" sizes=\"auto, (max-width: 364px) 100vw, 364px\" \/><\/figure><div class=\"wp-block-media-text__content\">\n<p class=\"is-style-lead has-large-font-size\"><a href=\"https:\/\/sensationslivres.com\/il-le-deracine-de-homayou-minoui\/\" target=\"_blank\" data-type=\"post\" data-id=\"43\" rel=\"noreferrer noopener\">Il, le d\u00e9Racin\u00e9<\/a><\/p>\n<\/div><\/div>\n<\/div>\n\n\n\n<div class=\"wp-block-column is-layout-flow wp-block-column-is-layout-flow\">\n<div class=\"wp-block-media-text alignwide is-stacked-on-mobile\"><figure class=\"wp-block-media-text__media\"><img loading=\"lazy\" decoding=\"async\" width=\"280\" height=\"448\" src=\"https:\/\/sensationslivres.com\/wp-content\/uploads\/2017\/12\/lederniersalaire.jpg\" alt=\"Le dernier salaire Margaux Gilquin\" class=\"wp-image-215 size-full\" srcset=\"https:\/\/sensationslivres.com\/wp-content\/uploads\/2017\/12\/lederniersalaire.jpg 280w, https:\/\/sensationslivres.com\/wp-content\/uploads\/2017\/12\/lederniersalaire-188x300.jpg 188w, https:\/\/sensationslivres.com\/wp-content\/uploads\/2017\/12\/lederniersalaire-156x250.jpg 156w\" sizes=\"auto, (max-width: 280px) 100vw, 280px\" \/><\/figure><div class=\"wp-block-media-text__content\">\n<p class=\"has-large-font-size\"><a href=\"https:\/\/sensationslivres.com\/le-dernier-salaire\/\" target=\"_blank\" data-type=\"post\" data-id=\"7908\" rel=\"noreferrer noopener\">Le dernier salaire<\/a><\/p>\n<\/div><\/div>\n<\/div>\n<\/div>\n\n\n\n<div class=\"wp-block-columns is-layout-flex wp-container-core-columns-is-layout-9d6595d7 wp-block-columns-is-layout-flex\">\n<div class=\"wp-block-column is-layout-flow wp-block-column-is-layout-flow\">\n<div class=\"wp-block-media-text alignwide is-stacked-on-mobile\"><figure class=\"wp-block-media-text__media\"><img loading=\"lazy\" decoding=\"async\" width=\"645\" height=\"1024\" src=\"https:\/\/sensationslivres.com\/wp-content\/uploads\/2017\/12\/Image-7-645x1024.jpg\" alt=\"Une ann\u00e9e Percheronne Dominique -Marie Godfard Bio\" class=\"wp-image-304 size-full\" srcset=\"https:\/\/sensationslivres.com\/wp-content\/uploads\/2017\/12\/Image-7-645x1024.jpg 645w, https:\/\/sensationslivres.com\/wp-content\/uploads\/2017\/12\/Image-7-189x300.jpg 189w, https:\/\/sensationslivres.com\/wp-content\/uploads\/2017\/12\/Image-7-768x1219.jpg 768w, https:\/\/sensationslivres.com\/wp-content\/uploads\/2017\/12\/Image-7-968x1536.jpg 968w, https:\/\/sensationslivres.com\/wp-content\/uploads\/2017\/12\/Image-7-1290x2048.jpg 1290w, https:\/\/sensationslivres.com\/wp-content\/uploads\/2017\/12\/Image-7-158x250.jpg 158w, https:\/\/sensationslivres.com\/wp-content\/uploads\/2017\/12\/Image-7-861x1366.jpg 861w, https:\/\/sensationslivres.com\/wp-content\/uploads\/2017\/12\/Image-7-484x768.jpg 484w, https:\/\/sensationslivres.com\/wp-content\/uploads\/2017\/12\/Image-7-302x480.jpg 302w, https:\/\/sensationslivres.com\/wp-content\/uploads\/2017\/12\/Image-7.jpg 1320w\" sizes=\"auto, (max-width: 645px) 100vw, 645px\" \/><\/figure><div class=\"wp-block-media-text__content\">\n<p class=\"is-style-lead has-large-font-size\"><a href=\"https:\/\/sensationslivres.com\/une-annee-percheronne-dominique-marie-godfard\/\" target=\"_blank\" data-type=\"post\" data-id=\"4\" rel=\"noreferrer noopener\">Une ann\u00e9e percheronne<\/a><\/p>\n<\/div><\/div>\n<\/div>\n\n\n\n<div class=\"wp-block-column is-layout-flow wp-block-column-is-layout-flow\"><\/div>\n<\/div>\n\n\n\n<p class=\"is-style-lead\"><\/p>\n","protected":false},"excerpt":{"rendered":"<p>Biographies Les yeux braguettes Quand j&rsquo;\u00e9tais gone Il, le d\u00e9Racin\u00e9 Le dernier salaire Une ann\u00e9e percheronne<\/p>\n","protected":false},"author":1,"featured_media":2033,"parent":0,"menu_order":0,"comment_status":"closed","ping_status":"closed","template":"","meta":{"novablocks_hero_scroll_indicator":false,"novablocks_hero_position_indicators":false,"footnotes":""},"class_list":["post-12026","page","type-page","status-publish","has-post-thumbnail","hentry"],"_links":{"self":[{"href":"https:\/\/sensationslivres.com\/fr_fr\/wp-json\/wp\/v2\/pages\/12026","targetHints":{"allow":["GET"]}}],"collection":[{"href":"https:\/\/sensationslivres.com\/fr_fr\/wp-json\/wp\/v2\/pages"}],"about":[{"href":"https:\/\/sensationslivres.com\/fr_fr\/wp-json\/wp\/v2\/types\/page"}],"author":[{"embeddable":true,"href":"https:\/\/sensationslivres.com\/fr_fr\/wp-json\/wp\/v2\/users\/1"}],"replies":[{"embeddable":true,"href":"https:\/\/sensationslivres.com\/fr_fr\/wp-json\/wp\/v2\/comments?post=12026"}],"version-history":[{"count":3,"href":"https:\/\/sensationslivres.com\/fr_fr\/wp-json\/wp\/v2\/pages\/12026\/revisions"}],"predecessor-version":[{"id":17714,"href":"https:\/\/sensationslivres.com\/fr_fr\/wp-json\/wp\/v2\/pages\/12026\/revisions\/17714"}],"wp:featuredmedia":[{"embeddable":true,"href":"https:\/\/sensationslivres.com\/fr_fr\/wp-json\/wp\/v2\/media\/2033"}],"wp:attachment":[{"href":"https:\/\/sensationslivres.com\/fr_fr\/wp-json\/wp\/v2\/media?parent=12026"}],"curies":[{"name":"wp","href":"https:\/\/api.w.org\/{rel}","templated":true}]}}